{"id":3780,"date":"2019-10-06T16:31:20","date_gmt":"2019-10-06T16:31:20","guid":{"rendered":"https:\/\/meisel-strassenbau.de\/?page_id=3780"},"modified":"2020-05-07T09:09:15","modified_gmt":"2020-05-07T09:09:15","slug":"unser-weg","status":"publish","type":"page","link":"https:\/\/meisel-strassenbau.de\/?page_id=3780","title":{"rendered":"Unser Weg"},"content":{"rendered":"\n<style type=\"text\/css\" data-created_by=\"avia_inline_auto\" id=\"style-css-av-hzlwr8-ae14fe16e59ea310e0edcf562a7a321b\">\n.flex_column.av-hzlwr8-ae14fe16e59ea310e0edcf562a7a321b{\nborder-radius:0px 0px 0px 0px;\npadding:0px 0px 0px 0px;\n}\n<\/style>\n<div  class='flex_column av-hzlwr8-ae14fe16e59ea310e0edcf562a7a321b av_one_third  avia-builder-el-0  el_before_av_one_third  avia-builder-el-first  first flex_column_div av-zero-column-padding  '     ><\/div>\n\n<style type=\"text\/css\" data-created_by=\"avia_inline_auto\" id=\"style-css-av-ffr5jo-5592a5b2fcbcc392b02dceaf3856ee4e\">\n.flex_column.av-ffr5jo-5592a5b2fcbcc392b02dceaf3856ee4e{\nborder-radius:0px 0px 0px 0px;\npadding:0px 0px 0px 0px;\n}\n<\/style>\n<div  class='flex_column av-ffr5jo-5592a5b2fcbcc392b02dceaf3856ee4e av_one_third  avia-builder-el-1  el_after_av_one_third  el_before_av_one_full  flex_column_div av-zero-column-padding  '     ><style type=\"text\/css\" data-created_by=\"avia_inline_auto\" id=\"style-css-av-k1f683c4-d0dabc2ca657a1299f65c646a61054df\">\n#top .av_textblock_section.av-k1f683c4-d0dabc2ca657a1299f65c646a61054df .avia_textblock{\nfont-size:16px;\n}\n<\/style>\n<section  class='av_textblock_section av-k1f683c4-d0dabc2ca657a1299f65c646a61054df '   itemscope=\"itemscope\" itemtype=\"https:\/\/schema.org\/CreativeWork\" ><div class='avia_textblock'  itemprop=\"text\" ><p id=\"kopf\" style=\"text-align: center;\">Erfahrung und Tradition in 3. Generation.<\/p>\n<p style=\"text-align: center;\">Wir sind ein traditionsreiches und solides Stra\u00dfenbauunternehmen mit Sitz in Weimar. Mit unserem handwerkliches Geschick hinterlassen wir seit vielen Jahrzehnten in der Kulturstadt Weimar und Umgebung Spuren.<\/p>\n<\/div><\/section><\/div>\n\n<style type=\"text\/css\" data-created_by=\"avia_inline_auto\" id=\"style-css-av-ejd68k-797f04a97e67acaf59fffc73972b46bf\">\n.flex_column.av-ejd68k-797f04a97e67acaf59fffc73972b46bf{\nborder-radius:0px 0px 0px 0px;\npadding:0px 0px 0px 0px;\n}\n<\/style>\n<div  class='flex_column av-ejd68k-797f04a97e67acaf59fffc73972b46bf av_one_full  avia-builder-el-3  el_after_av_one_third  el_before_av_timeline  first flex_column_div av-zero-column-padding  column-top-margin'     ><style type=\"text\/css\" data-created_by=\"avia_inline_auto\" id=\"style-css-av-k1f6d0u6-9a9b4a888d1f9e48a83ec889997ac92d\">\n.av-horizontal-gallery.av-k1f6d0u6-9a9b4a888d1f9e48a83ec889997ac92d{\npadding:3.75% 0px;;\n}\n.av-horizontal-gallery.av-k1f6d0u6-9a9b4a888d1f9e48a83ec889997ac92d .av-horizontal-gallery-inner{\npadding-bottom:25%;\n}\n<\/style>\n<div  class='av-horizontal-gallery av-k1f6d0u6-9a9b4a888d1f9e48a83ec889997ac92d av-horizontal-gallery-large-gap av-horizontal-gallery-enlarge-effect  avia-builder-el-4  avia-builder-el-no-sibling  av-slideshow-ui av-control-default av-slideshow-manual av-loop-once av-loop-manual-endless av-horizontal-gallery-1' data-slideshow-data=\"{&quot;enlarge&quot;:1.3,&quot;animation&quot;:&quot;slide&quot;,&quot;autoplay&quot;:false,&quot;loop_autoplay&quot;:&quot;once&quot;,&quot;interval&quot;:5,&quot;loop_manual&quot;:&quot;manual-endless&quot;,&quot;autoplay_stopper&quot;:false,&quot;noNavigation&quot;:false,&quot;bg_slider&quot;:false,&quot;keep_padding&quot;:&quot;&quot;,&quot;hoverpause&quot;:false,&quot;show_slide_delay&quot;:0}\"  itemprop=\"image\" itemscope=\"itemscope\" itemtype=\"https:\/\/schema.org\/ImageObject\" ><div class='avia-slideshow-arrows avia-slideshow-controls' ><a href='#prev' class='prev-slide av-horizontal-gallery-prev avia-svg-icon avia-font-svg_entypo-fontello' data-av_svg_icon='left-open-big' data-av_iconset='svg_entypo-fontello' tabindex='-1' title=\"Zur\u00fcck\"><svg version=\"1.1\" xmlns=\"http:\/\/www.w3.org\/2000\/svg\" width=\"15\" height=\"32\" viewBox=\"0 0 15 32\" preserveAspectRatio=\"xMidYMid meet\" aria-labelledby='av-svg-title-1' aria-describedby='av-svg-desc-1' role=\"graphics-symbol\" aria-hidden=\"true\">\n<title id='av-svg-title-1'>Zur\u00fcck<\/title>\n<desc id='av-svg-desc-1'>Zur\u00fcck<\/desc>\n<path d=\"M14.464 27.84q0.832 0.832 0 1.536-0.832 0.832-1.536 0l-12.544-12.608q-0.768-0.768 0-1.6l12.544-12.608q0.704-0.832 1.536 0 0.832 0.704 0 1.536l-11.456 11.904z\"><\/path>\n<\/svg><span class='avia_hidden_link_text'>Zur\u00fcck<\/span><\/a><a href='#next' class='next-slide av-horizontal-gallery-next avia-svg-icon avia-font-svg_entypo-fontello' data-av_svg_icon='right-open-big' data-av_iconset='svg_entypo-fontello' tabindex='-1' title=\"Weiter\"><svg version=\"1.1\" xmlns=\"http:\/\/www.w3.org\/2000\/svg\" width=\"15\" height=\"32\" viewBox=\"0 0 15 32\" preserveAspectRatio=\"xMidYMid meet\" aria-labelledby='av-svg-title-2' aria-describedby='av-svg-desc-2' role=\"graphics-symbol\" aria-hidden=\"true\">\n<title id='av-svg-title-2'>Weiter<\/title>\n<desc id='av-svg-desc-2'>Weiter<\/desc>\n<path d=\"M0.416 27.84l11.456-11.84-11.456-11.904q-0.832-0.832 0-1.536 0.832-0.832 1.536 0l12.544 12.608q0.768 0.832 0 1.6l-12.544 12.608q-0.704 0.832-1.536 0-0.832-0.704 0-1.536z\"><\/path>\n<\/svg><span class='avia_hidden_link_text'>Weiter<\/span><\/a><\/div><div class='avia-slideshow-dots avia-slideshow-controls av-horizontal-gallery-dots fade-in'><a href='#1' class='goto-slide active' >1<\/a><a href='#2' class='goto-slide ' >2<\/a><a href='#3' class='goto-slide ' >3<\/a><a href='#4' class='goto-slide ' >4<\/a><a href='#5' class='goto-slide ' >5<\/a><a href='#6' class='goto-slide ' >6<\/a><\/div><div class='av-horizontal-gallery-inner' data-av-height='25'><div class=\"av-horizontal-gallery-slider\"><div class=\"av-horizontal-gallery-wrap noHover\"><img decoding=\"async\" loading=\"lazy\" class='wp-image-3659 avia-img-lazy-loading-3659 av-horizontal-gallery-img' width=\"300\" height=\"200\" src=\"https:\/\/meisel-strassenbau.de\/wp-content\/uploads\/2019\/07\/g4.jpg\" title='g4' alt='' \/><a href=\"https:\/\/meisel-strassenbau.de\/wp-content\/uploads\/2019\/07\/g4.jpg\" class='av-horizontal-gallery-link avia-svg-icon avia-font-svg_entypo-fontello' data-av_svg_icon='resize-full' data-av_iconset='svg_entypo-fontello' title='g4' alt='' aria-label='Open image in lightbox: g4'><svg version=\"1.1\" xmlns=\"http:\/\/www.w3.org\/2000\/svg\" width=\"25\" height=\"32\" viewBox=\"0 0 25 32\" preserveAspectRatio=\"xMidYMid meet\" aria-labelledby='av-svg-title-3' aria-describedby='av-svg-desc-3' role=\"graphics-symbol\" aria-hidden=\"true\">\n<title id='av-svg-title-3'>Open image in lightbox: g4<\/title>\n<desc id='av-svg-desc-3'>Open image in lightbox: g4<\/desc>\n<path d=\"M15.232 3.328h10.112v10.112l-3.2-3.968-4.672 4.864-3.2-3.2 4.864-4.672zM7.872 17.536l3.2 3.2-4.864 4.672 3.904 3.2h-10.112v-10.112l3.2 3.904z\"><\/path>\n<\/svg><\/a><\/div><div class=\"av-horizontal-gallery-wrap noHover\"><img decoding=\"async\" loading=\"lazy\" class='wp-image-3657 avia-img-lazy-loading-3657 av-horizontal-gallery-img' width=\"300\" height=\"200\" src=\"https:\/\/meisel-strassenbau.de\/wp-content\/uploads\/2019\/07\/g2.jpg\" title='g2' alt='' \/><a href=\"https:\/\/meisel-strassenbau.de\/wp-content\/uploads\/2019\/07\/g2.jpg\" class='av-horizontal-gallery-link avia-svg-icon avia-font-svg_entypo-fontello' data-av_svg_icon='resize-full' data-av_iconset='svg_entypo-fontello' title='g2' alt='' aria-label='Open image in lightbox: g2'><svg version=\"1.1\" xmlns=\"http:\/\/www.w3.org\/2000\/svg\" width=\"25\" height=\"32\" viewBox=\"0 0 25 32\" preserveAspectRatio=\"xMidYMid meet\" aria-labelledby='av-svg-title-4' aria-describedby='av-svg-desc-4' role=\"graphics-symbol\" aria-hidden=\"true\">\n<title id='av-svg-title-4'>Open image in lightbox: g2<\/title>\n<desc id='av-svg-desc-4'>Open image in lightbox: g2<\/desc>\n<path d=\"M15.232 3.328h10.112v10.112l-3.2-3.968-4.672 4.864-3.2-3.2 4.864-4.672zM7.872 17.536l3.2 3.2-4.864 4.672 3.904 3.2h-10.112v-10.112l3.2 3.904z\"><\/path>\n<\/svg><\/a><\/div><div class=\"av-horizontal-gallery-wrap noHover\"><img decoding=\"async\" loading=\"lazy\" class='wp-image-3661 avia-img-lazy-loading-3661 av-horizontal-gallery-img' width=\"300\" height=\"200\" src=\"https:\/\/meisel-strassenbau.de\/wp-content\/uploads\/2019\/07\/g6.jpg\" title='g6' alt='' \/><a href=\"https:\/\/meisel-strassenbau.de\/wp-content\/uploads\/2019\/07\/g6.jpg\" class='av-horizontal-gallery-link avia-svg-icon avia-font-svg_entypo-fontello' data-av_svg_icon='resize-full' data-av_iconset='svg_entypo-fontello' title='g6' alt='' aria-label='Open image in lightbox: g6'><svg version=\"1.1\" xmlns=\"http:\/\/www.w3.org\/2000\/svg\" width=\"25\" height=\"32\" viewBox=\"0 0 25 32\" preserveAspectRatio=\"xMidYMid meet\" aria-labelledby='av-svg-title-5' aria-describedby='av-svg-desc-5' role=\"graphics-symbol\" aria-hidden=\"true\">\n<title id='av-svg-title-5'>Open image in lightbox: g6<\/title>\n<desc id='av-svg-desc-5'>Open image in lightbox: g6<\/desc>\n<path d=\"M15.232 3.328h10.112v10.112l-3.2-3.968-4.672 4.864-3.2-3.2 4.864-4.672zM7.872 17.536l3.2 3.2-4.864 4.672 3.904 3.2h-10.112v-10.112l3.2 3.904z\"><\/path>\n<\/svg><\/a><\/div><div class=\"av-horizontal-gallery-wrap noHover\"><img decoding=\"async\" loading=\"lazy\" class='wp-image-3658 avia-img-lazy-loading-3658 av-horizontal-gallery-img' width=\"300\" height=\"200\" src=\"https:\/\/meisel-strassenbau.de\/wp-content\/uploads\/2019\/07\/g3.jpg\" title='g3' alt='' \/><a href=\"https:\/\/meisel-strassenbau.de\/wp-content\/uploads\/2019\/07\/g3.jpg\" class='av-horizontal-gallery-link avia-svg-icon avia-font-svg_entypo-fontello' data-av_svg_icon='resize-full' data-av_iconset='svg_entypo-fontello' title='g3' alt='' aria-label='Open image in lightbox: g3'><svg version=\"1.1\" xmlns=\"http:\/\/www.w3.org\/2000\/svg\" width=\"25\" height=\"32\" viewBox=\"0 0 25 32\" preserveAspectRatio=\"xMidYMid meet\" aria-labelledby='av-svg-title-6' aria-describedby='av-svg-desc-6' role=\"graphics-symbol\" aria-hidden=\"true\">\n<title id='av-svg-title-6'>Open image in lightbox: g3<\/title>\n<desc id='av-svg-desc-6'>Open image in lightbox: g3<\/desc>\n<path d=\"M15.232 3.328h10.112v10.112l-3.2-3.968-4.672 4.864-3.2-3.2 4.864-4.672zM7.872 17.536l3.2 3.2-4.864 4.672 3.904 3.2h-10.112v-10.112l3.2 3.904z\"><\/path>\n<\/svg><\/a><\/div><div class=\"av-horizontal-gallery-wrap noHover\"><img decoding=\"async\" loading=\"lazy\" class='wp-image-3656 avia-img-lazy-loading-3656 av-horizontal-gallery-img' width=\"300\" height=\"200\" src=\"https:\/\/meisel-strassenbau.de\/wp-content\/uploads\/2019\/07\/g1.jpg\" title='g1' alt='' \/><a href=\"https:\/\/meisel-strassenbau.de\/wp-content\/uploads\/2019\/07\/g1.jpg\" class='av-horizontal-gallery-link avia-svg-icon avia-font-svg_entypo-fontello' data-av_svg_icon='resize-full' data-av_iconset='svg_entypo-fontello' title='g1' alt='' aria-label='Open image in lightbox: g1'><svg version=\"1.1\" xmlns=\"http:\/\/www.w3.org\/2000\/svg\" width=\"25\" height=\"32\" viewBox=\"0 0 25 32\" preserveAspectRatio=\"xMidYMid meet\" aria-labelledby='av-svg-title-7' aria-describedby='av-svg-desc-7' role=\"graphics-symbol\" aria-hidden=\"true\">\n<title id='av-svg-title-7'>Open image in lightbox: g1<\/title>\n<desc id='av-svg-desc-7'>Open image in lightbox: g1<\/desc>\n<path d=\"M15.232 3.328h10.112v10.112l-3.2-3.968-4.672 4.864-3.2-3.2 4.864-4.672zM7.872 17.536l3.2 3.2-4.864 4.672 3.904 3.2h-10.112v-10.112l3.2 3.904z\"><\/path>\n<\/svg><\/a><\/div><div class=\"av-horizontal-gallery-wrap noHover\"><img decoding=\"async\" loading=\"lazy\" class='wp-image-3651 avia-img-lazy-loading-3651 av-horizontal-gallery-img' width=\"600\" height=\"400\" src=\"https:\/\/meisel-strassenbau.de\/wp-content\/uploads\/2019\/07\/firma0_600.jpg\" title='firma0_600' alt='' srcset=\"https:\/\/meisel-strassenbau.de\/wp-content\/uploads\/2019\/07\/firma0_600.jpg 600w, https:\/\/meisel-strassenbau.de\/wp-content\/uploads\/2019\/07\/firma0_600-300x200.jpg 300w, https:\/\/meisel-strassenbau.de\/wp-content\/uploads\/2019\/07\/firma0_600-450x300.jpg 450w\" sizes=\"auto, (max-width: 600px) 100vw, 600px\" \/><a href=\"https:\/\/meisel-strassenbau.de\/wp-content\/uploads\/2019\/07\/firma0_600.jpg\" data-srcset=\"https:\/\/meisel-strassenbau.de\/wp-content\/uploads\/2019\/07\/firma0_600.jpg 600w, https:\/\/meisel-strassenbau.de\/wp-content\/uploads\/2019\/07\/firma0_600-300x200.jpg 300w, https:\/\/meisel-strassenbau.de\/wp-content\/uploads\/2019\/07\/firma0_600-450x300.jpg 450w\" data-sizes=\"(max-width: 600px) 100vw, 600px\" class='av-horizontal-gallery-link avia-svg-icon avia-font-svg_entypo-fontello' data-av_svg_icon='resize-full' data-av_iconset='svg_entypo-fontello' title='firma0_600' alt='' aria-label='Open image in lightbox: firma0_600'><svg version=\"1.1\" xmlns=\"http:\/\/www.w3.org\/2000\/svg\" width=\"25\" height=\"32\" viewBox=\"0 0 25 32\" preserveAspectRatio=\"xMidYMid meet\" aria-labelledby='av-svg-title-8' aria-describedby='av-svg-desc-8' role=\"graphics-symbol\" aria-hidden=\"true\">\n<title id='av-svg-title-8'>Open image in lightbox: firma0_600<\/title>\n<desc id='av-svg-desc-8'>Open image in lightbox: firma0_600<\/desc>\n<path d=\"M15.232 3.328h10.112v10.112l-3.2-3.968-4.672 4.864-3.2-3.2 4.864-4.672zM7.872 17.536l3.2 3.2-4.864 4.672 3.904 3.2h-10.112v-10.112l3.2 3.904z\"><\/path>\n<\/svg><\/a><\/div><\/div><\/div><\/div><\/div>\n\n<style type=\"text\/css\" data-created_by=\"avia_inline_auto\" id=\"style-css-av-k1f6thv8-a3a676f106163af0a149cbbdf7e34386\">\n.avia-timeline-container.av-k1f6thv8-a3a676f106163af0a149cbbdf7e34386 .av-milestone-date{\nfont-size:,;\n}\n<\/style>\n<div  id=\"avia-timeline-1\"  class='avia-timeline-container av-k1f6thv8-a3a676f106163af0a149cbbdf7e34386 av-slideshow-ui  avia-builder-el-5  el_after_av_one_full  avia-builder-el-last ' ><ul class='avia-timeline avia-timeline-vertical av-milestone-placement-alternate avia-timeline- avia_animate_when_almost_visible avia-timeline-animate'><li  class='av-milestone av-btbamc-cd00deff4243e4254deb44ed93f86a8b av-animated-generic fade-in av-milestone-valign-baseline av-milestone-odd'><h2 class='av-milestone-date ' id='milestone-1934' ><strong>1934<span class='av-milestone-indicator'><\/span><\/strong><\/h2><div class=\"av-milestone-icon-wrap\"><span class='av-milestone-icon milestone_icon avia-font-entypo-fontello'><span class='av-milestone-icon-inner milestone_inner'><i class='milestone-char avia-iconfont avia-font-entypo-fontello' data-av_icon='\ue837' data-av_iconfont='entypo-fontello' ><\/i><\/span><\/span><\/div><article class='av-milestone-content-wrap'><div class='av-milestone-contentbox'><header class=\"entry-content-header\" aria-label=\"Milestone: Unternehmensgr\u00fcndung &quot;Otto Meisel Strassen-und Tiefbau&quot; \"><h4 class='av-milestone-title '>Unternehmensgr\u00fcndung \"Otto Meisel Strassen-und Tiefbau\" <\/h4><\/header><div class='av-milestone-content'><p>Otto Meisel gr\u00fcndet das Unternehmen<\/p>\n<\/div><\/div><footer class='av-milestone-article-footer entry-footer'><\/footer><\/article><\/li><li  class='av-milestone av-baqzz8-8c4deebda57f3bd231598b491db2467c av-animated-generic fade-in av-milestone-valign-baseline av-milestone-even'><article class='av-milestone-content-wrap'><div class='av-milestone-contentbox'><header class=\"entry-content-header\" aria-label=\"Milestone: Umwandlung in die &quot;PGH Strassenbau und Tiefbau Weimar&quot;\"><h4 class='av-milestone-title '>Umwandlung in die \"PGH Strassenbau und Tiefbau Weimar\"<\/h4><\/header><div class='av-milestone-content'><p>In der DDR werden viele Privatfirmen zu einer PGH (Produktionsgenossenschaft des Handwerk) umgewandelt. Wie auch unser Unternehmen. Bis 1970 existiert die PGH Strassenbau und Tiefbau Weimar unter Leitung des Vorsitzenden Otto Meisel.<\/p>\n<\/div><\/div><footer class='av-milestone-article-footer entry-footer'><\/footer><\/article><div class=\"av-milestone-icon-wrap\"><span class='av-milestone-icon milestone_icon avia-font-entypo-fontello'><span class='av-milestone-icon-inner milestone_inner'><i class='milestone-char avia-iconfont avia-font-entypo-fontello' data-av_icon='\ue837' data-av_iconfont='entypo-fontello' ><\/i><\/span><\/span><\/div><h2 class='av-milestone-date ' id='milestone-1958' ><strong>1958<span class='av-milestone-indicator'><\/span><\/strong><\/h2><\/li><li  class='av-milestone av-9wlves-3f9af73d840b28f924bd1f21c0e07d11 av-animated-generic fade-in av-milestone-valign-baseline av-milestone-odd'><h2 class='av-milestone-date ' id='milestone-1976' ><strong>1976<span class='av-milestone-indicator'><\/span><\/strong><\/h2><div class=\"av-milestone-icon-wrap\"><span class='av-milestone-icon milestone_icon avia-font-entypo-fontello'><span class='av-milestone-icon-inner milestone_inner'><i class='milestone-char avia-iconfont avia-font-entypo-fontello' data-av_icon='\ue837' data-av_iconfont='entypo-fontello' ><\/i><\/span><\/span><\/div><article class='av-milestone-content-wrap'><div class='av-milestone-contentbox'><header class=\"entry-content-header\" aria-label=\"Milestone: Neugr\u00fcndung der Firma &quot;Manfred Meisel-Stra\u00dfenbau&quot;\"><h4 class='av-milestone-title '>Neugr\u00fcndung der Firma \"Manfred Meisel-Stra\u00dfenbau\"<\/h4><\/header><div class='av-milestone-content'><p>Das Unternehmen wird von Manfred Meisel unter der Bezeichnung &#8222;Manfred Meisel-Stra\u00dfenbau&#8220; neugr\u00fcndet und er f\u00fchrt es erfolgreich bis 1991.<\/p>\n<\/div><\/div><footer class='av-milestone-article-footer entry-footer'><\/footer><\/article><\/li><li  class='av-milestone av-72i15w-7c14ae81eee4cda9a0e2aee7c1513f14 av-animated-generic fade-in av-milestone-valign-baseline av-milestone-even'><article class='av-milestone-content-wrap'><div class='av-milestone-contentbox'><header class=\"entry-content-header\" aria-label=\"Milestone: &quot;Manfred und Andreas Meisel Stra\u00dfenbau GbR&quot;\"><h4 class='av-milestone-title '>\"Manfred und Andreas Meisel Stra\u00dfenbau GbR\"<\/h4><\/header><div class='av-milestone-content'><p>Ab 1991 wird das Unternehmen von Andreas &amp; Manfred Meisel zusammen gef\u00fchrt<\/p>\n<\/div><\/div><footer class='av-milestone-article-footer entry-footer'><\/footer><\/article><div class=\"av-milestone-icon-wrap\"><span class='av-milestone-icon milestone_icon avia-font-entypo-fontello'><span class='av-milestone-icon-inner milestone_inner'><i class='milestone-char avia-iconfont avia-font-entypo-fontello' data-av_icon='\ue837' data-av_iconfont='entypo-fontello' ><\/i><\/span><\/span><\/div><h2 class='av-milestone-date ' id='milestone-1991' ><strong>1991<span class='av-milestone-indicator'><\/span><\/strong><\/h2><\/li><li  class='av-milestone av-55kw6c-25fae8a5535e7b9911fbedc32cb6b32c av-animated-generic fade-in av-milestone-valign-baseline av-milestone-odd'><h2 class='av-milestone-date ' id='milestone-1994' ><strong>1994<span class='av-milestone-indicator'><\/span><\/strong><\/h2><div class=\"av-milestone-icon-wrap\"><span class='av-milestone-icon milestone_icon avia-font-entypo-fontello'><span class='av-milestone-icon-inner milestone_inner'><i class='milestone-char avia-iconfont avia-font-entypo-fontello' data-av_icon='\ue821' data-av_iconfont='entypo-fontello' ><\/i><\/span><\/span><\/div><article class='av-milestone-content-wrap'><div class='av-milestone-contentbox'><header class=\"entry-content-header\" aria-label=\"Milestone: Neubau des Firmensitzes im Gewerbegebiet Weimar Nord\"><h4 class='av-milestone-title '>Neubau des Firmensitzes im Gewerbegebiet Weimar Nord<\/h4><\/header><div class='av-milestone-content'><\/div><\/div><footer class='av-milestone-article-footer entry-footer'><\/footer><\/article><\/li><li  class='av-milestone av-3j7k10-3e959ae86f884c3b375f03753e309370 av-animated-generic fade-in av-milestone-valign-baseline av-milestone-even'><article class='av-milestone-content-wrap'><div class='av-milestone-contentbox'><header class=\"entry-content-header\" aria-label=\"Milestone: &quot;Andreas-Meisel-Stra\u00dfenbau&quot;\"><h4 class='av-milestone-title '>\"Andreas-Meisel-Stra\u00dfenbau\"<\/h4><\/header><div class='av-milestone-content'><p>Andreas Meisel f\u00fchrt nun das Unternehmen<\/p>\n<\/div><\/div><footer class='av-milestone-article-footer entry-footer'><\/footer><\/article><div class=\"av-milestone-icon-wrap\"><span class='av-milestone-icon milestone_icon avia-font-entypo-fontello'><span class='av-milestone-icon-inner milestone_inner'><i class='milestone-char avia-iconfont avia-font-entypo-fontello' data-av_icon='\ue837' data-av_iconfont='entypo-fontello' ><\/i><\/span><\/span><\/div><h2 class='av-milestone-date ' id='milestone-1999' ><strong>1999<span class='av-milestone-indicator'><\/span><\/strong><\/h2><\/li><li  class='av-milestone av-av_timeline_item-9ab99b52236de5bb38c1c0f5cf6547e8 av-animated-generic fade-in av-milestone-valign-baseline av-milestone-odd'><h2 class='av-milestone-date ' id='milestone-2019' ><strong>2019<span class='av-milestone-indicator'><\/span><\/strong><\/h2><div class=\"av-milestone-icon-wrap\"><span class='av-milestone-icon milestone_icon avia-font-entypo-fontello'><span class='av-milestone-icon-inner milestone_inner'><i class='milestone-char avia-iconfont avia-font-entypo-fontello' data-av_icon='\ue837' data-av_iconfont='entypo-fontello' ><\/i><\/span><\/span><\/div><article class='av-milestone-content-wrap'><div class='av-milestone-contentbox'><header class=\"entry-content-header\" aria-label=\"Milestone: &quot;Meisel-Stra\u00dfenbau&quot;\"><h4 class='av-milestone-title '>\"Meisel-Stra\u00dfenbau\"<\/h4><\/header><div class='av-milestone-content'><p>Das Unternehmen wird von Sven Meisel \u00fcbernommen.<\/p>\n<\/div><\/div><footer class='av-milestone-article-footer entry-footer'><\/footer><\/article><\/li><\/ul><\/div>\n","protected":false},"excerpt":{"rendered":"","protected":false},"author":1,"featured_media":0,"parent":0,"menu_order":0,"comment_status":"closed","ping_status":"closed","template":"","meta":{"footnotes":""},"class_list":["post-3780","page","type-page","status-publish","hentry"],"_links":{"self":[{"href":"https:\/\/meisel-strassenbau.de\/index.php?rest_route=\/wp\/v2\/pages\/3780","targetHints":{"allow":["GET"]}}],"collection":[{"href":"https:\/\/meisel-strassenbau.de\/index.php?rest_route=\/wp\/v2\/pages"}],"about":[{"href":"https:\/\/meisel-strassenbau.de\/index.php?rest_route=\/wp\/v2\/types\/page"}],"author":[{"embeddable":true,"href":"https:\/\/meisel-strassenbau.de\/index.php?rest_route=\/wp\/v2\/users\/1"}],"replies":[{"embeddable":true,"href":"https:\/\/meisel-strassenbau.de\/index.php?rest_route=%2Fwp%2Fv2%2Fcomments&post=3780"}],"version-history":[{"count":5,"href":"https:\/\/meisel-strassenbau.de\/index.php?rest_route=\/wp\/v2\/pages\/3780\/revisions"}],"predecessor-version":[{"id":3875,"href":"https:\/\/meisel-strassenbau.de\/index.php?rest_route=\/wp\/v2\/pages\/3780\/revisions\/3875"}],"wp:attachment":[{"href":"https:\/\/meisel-strassenbau.de\/index.php?rest_route=%2Fwp%2Fv2%2Fmedia&parent=3780"}],"curies":[{"name":"wp","href":"https:\/\/api.w.org\/{rel}","templated":true}]}}